{"id":23,"date":"2019-10-07T16:00:49","date_gmt":"2019-10-07T14:00:49","guid":{"rendered":"http:\/\/apotheke-bh-bv.de\/?page_id=23"},"modified":"2025-05-17T09:43:49","modified_gmt":"2025-05-17T07:43:49","slug":"impressum","status":"publish","type":"page","link":"http:\/\/apotheke-bh-bv.de\/?page_id=23","title":{"rendered":"Impressum"},"content":{"rendered":"<p><strong>Apotheke am Bahnhof Bad Vilbel<\/strong><br \/><!--StartFragment--><\/p>\n\n\n<p>Inhaber: Dr. Jochen Krill e.K.<\/p>\n\n\n\n<p>Filialleitung: Boris Gouadjio<\/p>\n\n\n\n<p>Friedberger Str. 77b<\/p>\n\n\n\n<p>61118 Bad Vilbel<\/p>\n\n\n\n<p>Tel.: 06101-985700<\/p>\n\n\n\n<p>Fax: 06101-9857029<\/p>\n\n\n\n<p>Amtsgericht Frankfurt HR A 1252<br \/>\nUst.-ID DE 813 413 244<br \/>\nSt.-Nr. 11 16 839 02299 57 0204<\/p>\n\n\n\n<p><strong>Gesetzliche Berufsbezeichnung, verliehen in Deutschland:<\/strong><br \/> Apotheker<\/p>\n\n\n\n<p><strong>Zust\u00e4ndige Kammer:<\/strong><br \/> Landesapothekerkammer Hessen Kd\u00f6R<br \/>Lise-Meitner-Stra\u00dfe 4<br \/>60486 Frankfurt am Main<\/p>\n\n\n\n<p><strong>Berufsordnung:<\/strong><br \/> Es gilt die Berufsordnung der vorgenannten Apothekerkammer.<\/p>\n\n\n\n<p><strong>Zust\u00e4ndige Aufsichtsbeh\u00f6rde<\/strong>:<\/p>\n\n\n\n<p>Hessisches Landesamt f\u00fcr Gesundheit und Pflege<\/p>\n\n\n\n<p>Sitz:<\/p>\n\n\n\n<p>Heinrich-Hertz-Stra\u00dfe 5<\/p>\n\n\n\n<p>64295 Darmstadt<\/p>\n\n\n\n<p>Zentrale Postanschrift:<\/p>\n\n\n\n<p>Hessisches Landesamt f\u00fcr Gesundheit und Pflege<\/p>\n\n\n\n<p>Postfach 11 03 52<\/p>\n\n\n\n<p>64218 Darmstadt<\/p>\n\n\n\n<p><a href=\"https:\/\/hlfgp.hessen.de\">https:\/\/hlfgp.hessen.de<\/a><\/p>\n\n\n\n<p><\/p>\n\n\n\n<p><strong>Zust\u00e4ndiger Apothekerverband<\/strong><\/p>\n\n\n\n<p>Hessischer Apothekerverband e.V.<br \/>\nStrahlenbergerstr. 112<br \/>\n63067 Offenbach<br \/>\n<a href=\"mailto:info@h-a-v.de\">info@h-a-v.de<\/a><br \/>\n<a href=\"http:\/\/www.h-a-v.de\">www.h-a-v.de<\/a><\/p>\n\n\n\n<p><strong>Zust\u00e4ndige Berufshaftpflichtversicherung:<br \/> A<\/strong>llianz<\/p>\n\n\n\n<p><strong>Angaben nach DSGVO und BDSG:<\/strong><\/p>\n\n\n\n<p>Die Apotheke am Bahnhof beteiligt sich nicht an  Verbraucherschlichtungsverfahren nach dem  Verbraucherstreitbeilegungsgesetz. Zust\u00e4ndig w\u00e4re die&nbsp; Allgemeine  Verbraucherschlichtungsstelle des Zentrums f\u00fcr Schlichtung e. V.  Stra\u00dfburger Stra\u00dfe 8, 77694 Kehl am Rhein.<\/p>\n\n\n\n<p>Datenschutzbeauftragter: Frau Susanne Krill, Luisenthaler Str. 2a,  61184  Karben, Tel.: 06039\/3591, e-mail: info@neue-apotheke-karben.de<\/p>\n\n\n<p><!--EndFragment--><\/p>\n\n\n<p><\/p>\n","protected":false},"excerpt":{"rendered":"<p>Apotheke am Bahnhof Bad Vilbel Inhaber: Dr. Jochen Krill e.K. Filialleitung: Boris Gouadjio Friedberger Str. 77b 61118 Bad Vilbel Tel.: 06101-985700 Fax: 06101-9857029 Amtsgericht Frankfurt HR A 1252 Ust.-ID DE 813 413 244 St.-Nr. 11 16 839 02299 57 0204 Gesetzliche Berufsbezeichnung, verliehen in Deutschland: Apotheker Zust\u00e4ndige Kammer: Landesapothekerkammer Hessen Kd\u00f6RLise-Meitner-Stra\u00dfe 460486 Frankfurt am Main &hellip; <a href=\"http:\/\/apotheke-bh-bv.de\/?page_id=23\" class=\"more-link\"><span class=\"screen-reader-text\">Impressum<\/span> weiterlesen <span class=\"meta-nav\">&rarr;<\/span><\/a><\/p>\n","protected":false},"author":1,"featured_media":0,"parent":7,"menu_order":6,"comment_status":"closed","ping_status":"closed","template":"","meta":{"footnotes":""},"class_list":["post-23","page","type-page","status-publish","hentry"],"_links":{"self":[{"href":"http:\/\/apotheke-bh-bv.de\/index.php?rest_route=\/wp\/v2\/pages\/23","targetHints":{"allow":["GET"]}}],"collection":[{"href":"http:\/\/apotheke-bh-bv.de\/index.php?rest_route=\/wp\/v2\/pages"}],"about":[{"href":"http:\/\/apotheke-bh-bv.de\/index.php?rest_route=\/wp\/v2\/types\/page"}],"author":[{"embeddable":true,"href":"http:\/\/apotheke-bh-bv.de\/index.php?rest_route=\/wp\/v2\/users\/1"}],"replies":[{"embeddable":true,"href":"http:\/\/apotheke-bh-bv.de\/index.php?rest_route=%2Fwp%2Fv2%2Fcomments&post=23"}],"version-history":[{"count":13,"href":"http:\/\/apotheke-bh-bv.de\/index.php?rest_route=\/wp\/v2\/pages\/23\/revisions"}],"predecessor-version":[{"id":545,"href":"http:\/\/apotheke-bh-bv.de\/index.php?rest_route=\/wp\/v2\/pages\/23\/revisions\/545"}],"up":[{"embeddable":true,"href":"http:\/\/apotheke-bh-bv.de\/index.php?rest_route=\/wp\/v2\/pages\/7"}],"wp:attachment":[{"href":"http:\/\/apotheke-bh-bv.de\/index.php?rest_route=%2Fwp%2Fv2%2Fmedia&parent=23"}],"curies":[{"name":"wp","href":"https:\/\/api.w.org\/{rel}","templated":true}]}}